{"id":909,"date":"2017-06-03T12:11:54","date_gmt":"2017-06-03T10:11:54","guid":{"rendered":"https:\/\/nezareisner.com\/nova\/?page_id=909"},"modified":"2021-03-03T12:25:47","modified_gmt":"2021-03-03T11:25:47","slug":"porocna-fotografija-neza-reisner-fotografiranje-porok","status":"publish","type":"page","link":"https:\/\/nezareisner.com\/sl\/","title":{"rendered":"Poro\u010dna fotografija | Ne\u017ea Reisner &#8211; Fotografiranje porok"},"content":{"rendered":"<div class=\"flo-section flo-section--pricing-package pricing-packages--5b8631a4ded35\" style=\"padding-top: 40px;\">\n<article class=\"flo-section__content\">\n<div class=\"pricing-package\" style=\"padding-bottom: 40px;\">\n<div class=\"row row-flex\">\n<div class=\"column medium-4 small-12\">\n<article class=\"pricing-package__card\" style=\"padding: 1.2rem 1.2rem 1.2rem 1.2rem; border: 1px solid #f2f2f2;\">\n<figure class=\"pricing-package__image\" style=\"background-image: url('https:\/\/nezareisner.com\/wp-content\/uploads\/2016\/12\/1-za-cenik-krogci-poroke.jpg');\"><\/figure>\n<h3 class=\"pricing-package__card-title\" style=\"padding-top: 20px;\">PORO\u010cNA FOTOGRAFIJA<\/h3>\n<div class=\"pricing-package__content\" style=\"padding-top: 10px;\">\n<p style=\"margin-bottom: 10px;\">Za ceno <a href=\"https:\/\/nezareisner.com\/sl\/tajda-jurij-stanjel\/\">poro\u010dnega<\/a> fotografiranja mi prosim <a href=\"https:\/\/nezareisner.com\/sl\/kontakt\/\">po\u0161ljita<\/a> povpra\u0161evanje s \u010dim ve\u010d podatki o poroki (<a href=\"https:\/\/nezareisner.com\/sl\/intimna-poroka-groznjan\/\">lokacija<\/a>, datum, trajanje &#8230;), da vama napi\u0161em prilagojeno ponudbo. Odgovorila bom v najkraj\u0161em mo\u017enem \u010dasu.<\/p>\n<p style=\"margin-bottom: 0px;\">Poro\u010dna fotografija<\/p>\n<\/div>\n<\/article>\n<\/div>\n<div class=\"column medium-4 small-12\">\n<article class=\"pricing-package__card\" style=\"padding: 1.2rem 1.2rem 1.2rem 1.2rem; border: 1px solid #f2f2f2;\">\n<figure class=\"pricing-package__image\" style=\"background-image: url('https:\/\/nezareisner.com\/wp-content\/uploads\/2020\/02\/Gran-Canaria-desert-photo-shoot-desert-dunes-canarian-islands-david-natalija-10.jpg');\"><\/figure>\n<h3 class=\"pricing-package__card-title\" style=\"padding-top: 20px;\">PREDPORO\u010cNO FOTOGRAFIRANJE<\/h3>\n<div class=\"pricing-package__content\" style=\"padding-top: 10px;\">\n<p style=\"margin-bottom: 10px;\">Predporo\u010dno fotografiranje vsekakor priporo\u010dam parom, ki se radi fotografirajo in si \u017eelijo nekaj fotografij tudi v ne-poro\u010dnih obla\u010dilih. Skupaj izberemo lepo lokacijo in romanti\u010dne trenutke zabele\u017eimo ob son\u010dnem zahodu.<\/p>\n<p style=\"margin-bottom: 0px;\">Predporo\u010dno fotografiranje<\/p>\n<\/div>\n<\/article>\n<\/div>\n<div class=\"column medium-4 small-12\">\n<article class=\"pricing-package__card\" style=\"padding: 1.2rem 1.2rem 1.2rem 1.2rem; border: 1px solid #f2f2f2;\">\n<figure class=\"pricing-package__image\" style=\"background-image: url('https:\/\/nezareisner.com\/wp-content\/uploads\/2019\/05\/fotografiranje-za-prvi-rojstni-dan-cake-smash-kamnik-studio-druzinsko-fotografiranje-druzine-21.jpg');\"><\/figure>\n<h3 class=\"pricing-package__card-title\" style=\"padding-top: 20px;\">CAKE SMASH FOTOGRAFIRANJE<\/h3>\n<div class=\"pricing-package__content\" style=\"padding-top: 10px;\">\n<p style=\"margin-bottom: 10px;\">Bo va\u0161 dojen\u010dek kmalu postal mal\u010dek in upihnil prvo sve\u010dko? To je vsekakor mejnik, ki ga je potrebno fotografirati. Fotografiranje s tortico poteka v studiu v Kamniku, kjer bomo v spro\u0161\u010denem vzdu\u0161ju naredili fotografije otroka in dru\u017eine.<\/p>\n<p style=\"margin-bottom: 0px;\">Cake smash fotografiranje<\/p>\n<\/div>\n<\/article>\n<\/div>\n<\/div>\n<\/div>\n<\/article>\n<\/div>\n","protected":false},"excerpt":{"rendered":"<p>PORO\u010cNA FOTOGRAFIJA Za ceno poro\u010dnega fotografiranja mi prosim po\u0161ljita povpra\u0161evanje s \u010dim ve\u010d podatki o poroki (lokacija, datum, trajanje &#8230;), da vama napi\u0161em prilagojeno ponudbo. Odgovorila bom v najkraj\u0161em mo\u017enem \u010dasu. Poro\u010dna fotografija PREDPORO\u010cNO FOTOGRAFIRANJE Predporo\u010dno fotografiranje vsekakor priporo\u010dam parom, ki se radi fotografirajo in si \u017eelijo nekaj fotografij tudi v ne-poro\u010dnih obla\u010dilih. Skupaj izberemo [&hellip;]<\/p>\n","protected":false},"author":1,"featured_media":5568,"parent":0,"menu_order":0,"comment_status":"closed","ping_status":"closed","template":"","meta":{"_monsterinsights_skip_tracking":false,"_monsterinsights_sitenote_active":false,"_monsterinsights_sitenote_note":"","_monsterinsights_sitenote_category":0},"yoast_head":"<!-- This site is optimized with the Yoast SEO plugin v16.5 - https:\/\/yoast.com\/wordpress\/plugins\/seo\/ -->\n<title>Poro\u010dna fotografija | Ne\u017ea Reisner - Fotografiranje porok<\/title>\n<meta name=\"description\" content=\"Poro\u010dna fotografija. Rada imam svetle ne\u017ene fotografije, pred fotoaparatom pa ljudi, ki so zaljubljeni v svoje \u017eivljenje. Poro\u010dna fotografija - Ne\u017ea Reisner\" \/>\n<meta name=\"robots\" content=\"index, follow, max-snippet:-1, max-image-preview:large, max-video-preview:-1\" \/>\n<link rel=\"canonical\" href=\"https:\/\/nezareisner.com\/sl\/\" \/>\n<meta property=\"og:locale\" content=\"sl_SI\" \/>\n<meta property=\"og:type\" content=\"article\" \/>\n<meta property=\"og:title\" content=\"Poro\u010dna fotografija | Ne\u017ea Reisner - Fotografiranje porok\" \/>\n<meta property=\"og:description\" content=\"Poro\u010dna fotografija. Rada imam svetle ne\u017ene fotografije, pred fotoaparatom pa ljudi, ki so zaljubljeni v svoje \u017eivljenje. Poro\u010dna fotografija - Ne\u017ea Reisner\" \/>\n<meta property=\"og:url\" content=\"https:\/\/nezareisner.com\/sl\/\" \/>\n<meta property=\"og:site_name\" content=\"Poro\u010dna fotografija | Ne\u017ea Reisner\" \/>\n<meta property=\"article:publisher\" content=\"https:\/\/www.facebook.com\/nrfotografija\/\" \/>\n<meta property=\"article:modified_time\" content=\"2021-03-03T11:25:47+00:00\" \/>\n<meta property=\"og:image\" content=\"https:\/\/nezareisner.com\/wp-content\/uploads\/2016\/12\/neza-reisner-wedding-photography-porocna-fotografija1.jpg\" \/>\n\t<meta property=\"og:image:width\" content=\"1198\" \/>\n\t<meta property=\"og:image:height\" content=\"800\" \/>\n<meta name=\"twitter:card\" content=\"summary\" \/>\n<meta name=\"twitter:label1\" content=\"Est. reading time\" \/>\n\t<meta name=\"twitter:data1\" content=\"1 minuta\" \/>\n<script type=\"application\/ld+json\" class=\"yoast-schema-graph\">{\"@context\":\"https:\/\/schema.org\",\"@graph\":[{\"@type\":\"Organization\",\"@id\":\"https:\/\/nezareisner.com\/sl\/#organization\",\"name\":\"Ne\\u017ea Reisner Photography\",\"url\":\"https:\/\/nezareisner.com\/sl\/\",\"sameAs\":[\"https:\/\/www.facebook.com\/nrfotografija\/\",\"https:\/\/www.instagram.com\/nezareisnerphoto\/\"],\"logo\":{\"@type\":\"ImageObject\",\"@id\":\"https:\/\/nezareisner.com\/sl\/#logo\",\"inLanguage\":\"sl-SI\",\"url\":\"https:\/\/nezareisner.com\/wp-content\/uploads\/2017\/06\/logo-neza-reisner-1.png\",\"contentUrl\":\"https:\/\/nezareisner.com\/wp-content\/uploads\/2017\/06\/logo-neza-reisner-1.png\",\"width\":306,\"height\":306,\"caption\":\"Ne\\u017ea Reisner Photography\"},\"image\":{\"@id\":\"https:\/\/nezareisner.com\/sl\/#logo\"}},{\"@type\":\"WebSite\",\"@id\":\"https:\/\/nezareisner.com\/sl\/#website\",\"url\":\"https:\/\/nezareisner.com\/sl\/\",\"name\":\"Poro\\u010dna fotografija | Ne\\u017ea Reisner\",\"description\":\"Fotografiranje porok, novorojen\\u010dkov, dru\\u017ein, parov, zaro\\u010dna fotografija ...\",\"publisher\":{\"@id\":\"https:\/\/nezareisner.com\/sl\/#organization\"},\"potentialAction\":[{\"@type\":\"SearchAction\",\"target\":\"https:\/\/nezareisner.com\/sl\/?s={search_term_string}\",\"query-input\":\"required name=search_term_string\"}],\"inLanguage\":\"sl-SI\"},{\"@type\":\"ImageObject\",\"@id\":\"https:\/\/nezareisner.com\/sl\/#primaryimage\",\"inLanguage\":\"sl-SI\",\"url\":\"https:\/\/nezareisner.com\/wp-content\/uploads\/2016\/12\/neza-reisner-wedding-photography-porocna-fotografija1.jpg\",\"contentUrl\":\"https:\/\/nezareisner.com\/wp-content\/uploads\/2016\/12\/neza-reisner-wedding-photography-porocna-fotografija1.jpg\",\"width\":1198,\"height\":800},{\"@type\":\"WebPage\",\"@id\":\"https:\/\/nezareisner.com\/sl\/#webpage\",\"url\":\"https:\/\/nezareisner.com\/sl\/\",\"name\":\"Poro\\u010dna fotografija | Ne\\u017ea Reisner - Fotografiranje porok\",\"isPartOf\":{\"@id\":\"https:\/\/nezareisner.com\/sl\/#website\"},\"primaryImageOfPage\":{\"@id\":\"https:\/\/nezareisner.com\/sl\/#primaryimage\"},\"datePublished\":\"2017-06-03T10:11:54+00:00\",\"dateModified\":\"2021-03-03T11:25:47+00:00\",\"description\":\"Poro\\u010dna fotografija. Rada imam svetle ne\\u017ene fotografije, pred fotoaparatom pa ljudi, ki so zaljubljeni v svoje \\u017eivljenje. Poro\\u010dna fotografija - Ne\\u017ea Reisner\",\"breadcrumb\":{\"@id\":\"https:\/\/nezareisner.com\/sl\/#breadcrumb\"},\"inLanguage\":\"sl-SI\",\"potentialAction\":[{\"@type\":\"ReadAction\",\"target\":[\"https:\/\/nezareisner.com\/sl\/\"]}]},{\"@type\":\"BreadcrumbList\",\"@id\":\"https:\/\/nezareisner.com\/sl\/#breadcrumb\",\"itemListElement\":[{\"@type\":\"ListItem\",\"position\":1,\"name\":\"Home\",\"item\":\"https:\/\/nezareisner.com\/sl\/\"},{\"@type\":\"ListItem\",\"position\":2,\"name\":\"Poro\\u010dna fotografija | Ne\\u017ea Reisner &#8211; Fotografiranje porok\"}]}]}<\/script>\n<!-- \/ Yoast SEO plugin. -->","_links":{"self":[{"href":"https:\/\/nezareisner.com\/sl\/wp-json\/wp\/v2\/pages\/909"}],"collection":[{"href":"https:\/\/nezareisner.com\/sl\/wp-json\/wp\/v2\/pages"}],"about":[{"href":"https:\/\/nezareisner.com\/sl\/wp-json\/wp\/v2\/types\/page"}],"author":[{"embeddable":true,"href":"https:\/\/nezareisner.com\/sl\/wp-json\/wp\/v2\/users\/1"}],"replies":[{"embeddable":true,"href":"https:\/\/nezareisner.com\/sl\/wp-json\/wp\/v2\/comments?post=909"}],"version-history":[{"count":37,"href":"https:\/\/nezareisner.com\/sl\/wp-json\/wp\/v2\/pages\/909\/revisions"}],"predecessor-version":[{"id":9792,"href":"https:\/\/nezareisner.com\/sl\/wp-json\/wp\/v2\/pages\/909\/revisions\/9792"}],"wp:featuredmedia":[{"embeddable":true,"href":"https:\/\/nezareisner.com\/sl\/wp-json\/wp\/v2\/media\/5568"}],"wp:attachment":[{"href":"https:\/\/nezareisner.com\/sl\/wp-json\/wp\/v2\/media?parent=909"}],"curies":[{"name":"wp","href":"https:\/\/api.w.org\/{rel}","templated":true}]}}